{"id":61283,"date":"2022-01-27T14:49:34","date_gmt":"2022-01-27T17:49:34","guid":{"rendered":"https:\/\/www.museuhistoricosl.com.br\/loja\/produto\/sl109-fd-0048\/"},"modified":"2022-01-27T14:49:34","modified_gmt":"2022-01-27T17:49:34","slug":"sl109-fd-0048","status":"publish","type":"product","link":"https:\/\/www.museuhistoricosl.com.br\/loja\/produto\/sl109-fd-0048\/","title":{"rendered":"SL109-FD-0048"},"content":{"rendered":"<p>Natal na casa da fam\u00edlia Bergamo, em Nova Milano. Decora\u00e7\u00e3o feito pela tia, Margarete Nauer. S\u00e3o Leopoldo, d\u00e9cada de 30 &#8211; C\u00f3digo anterior de cat\u00e1logo:FD 109-48; Tradi\u00e7\u00e3o e Cultura; 3 fotos de uma \u00e1rvore de Natal na casa da fam\u00edlia Bergamo, em Nova Milano, enfeitada pela tia Margarete Nauer (conhecida com Gretchen Nauer, depois morou em Novo Hamburgo). Era irm\u00e3 da Sra. Bergamo, cujos filhos Jo\u00e3o, Val\u00e9ria, Renato, Lia, Miralda e outros ainda moram em SL. Renato \u00e9 casado com ASTA MULLER (irm\u00e3 do diretor do Museu). As fotos mostram como o pinheiro de Natal era importante. \u00c9 uma das muitas tradi\u00e7\u00f5es dos imigrantes. SL, 6.4.2002. (Texto datilografado por Telmo Lauro M\u00fcller no envelope onde se encontravam as fotos).<\/p>\n","protected":false},"excerpt":{"rendered":"<p>Natal na casa da fam\u00edlia Bergamo, em Nova Milano. Decora\u00e7\u00e3o feito pela tia, Margarete Nauer. S\u00e3o Leopoldo, d\u00e9cada de 30<\/p>\n","protected":false},"featured_media":61282,"comment_status":"open","ping_status":"closed","template":"","meta":{"_acf_changed":false},"product_cat":[126],"product_tag":[],"class_list":["post-61283","product","type-product","status-publish","has-post-thumbnail","hentry","product_cat-tradicao-e-cultura"],"acf":[],"_links":{"self":[{"href":"https:\/\/www.museuhistoricosl.com.br\/loja\/wp-json\/wp\/v2\/product\/61283","targetHints":{"allow":["GET"]}}],"collection":[{"href":"https:\/\/www.museuhistoricosl.com.br\/loja\/wp-json\/wp\/v2\/product"}],"about":[{"href":"https:\/\/www.museuhistoricosl.com.br\/loja\/wp-json\/wp\/v2\/types\/product"}],"replies":[{"embeddable":true,"href":"https:\/\/www.museuhistoricosl.com.br\/loja\/wp-json\/wp\/v2\/comments?post=61283"}],"wp:featuredmedia":[{"embeddable":true,"href":"https:\/\/www.museuhistoricosl.com.br\/loja\/wp-json\/wp\/v2\/media\/61282"}],"wp:attachment":[{"href":"https:\/\/www.museuhistoricosl.com.br\/loja\/wp-json\/wp\/v2\/media?parent=61283"}],"wp:term":[{"taxonomy":"product_cat","embeddable":true,"href":"https:\/\/www.museuhistoricosl.com.br\/loja\/wp-json\/wp\/v2\/product_cat?post=61283"},{"taxonomy":"product_tag","embeddable":true,"href":"https:\/\/www.museuhistoricosl.com.br\/loja\/wp-json\/wp\/v2\/product_tag?post=61283"}],"curies":[{"name":"wp","href":"https:\/\/api.w.org\/{rel}","templated":true}]}}