{"id":60133,"date":"2022-01-27T14:13:10","date_gmt":"2022-01-27T17:13:10","guid":{"rendered":"https:\/\/www.museuhistoricosl.com.br\/loja\/produto\/sl088-fd-0006\/"},"modified":"2022-01-27T14:13:10","modified_gmt":"2022-01-27T17:13:10","slug":"sl088-fd-0006","status":"publish","type":"product","link":"https:\/\/www.museuhistoricosl.com.br\/loja\/produto\/sl088-fd-0006\/","title":{"rendered":"SL088-FD-0006"},"content":{"rendered":"<p>Sociedade Atiradores de Lomba Grande. Banda de m\u00fasica da col\u00f4nia. Integrantes da Banda Konrath, de Lomba grande (da esquerda para a direita):Jacob Purper; Jo\u00e3o Konrath; Fritz Konrath; Germano Breidenbach; Adolfo Hauber; Emilio Konrath; Wilhelm Winter; Reinaldo M\u00fcller (de Porto Alegre, em visita, fazendo papel de regente). A foto foi tirada numa festa em Quebra-Dente, localidade em Lomba Grande (ent\u00e3o distrito de S\u00e3o Leopoldo), em 1939. Tais bandas coloniais eram caracterizadas pela abund\u00e2ncia dos instrumentos de sopro. Foto recebida de Tony M\u00fcller, Lomba Grande, em 18\/07\/1967. &#8211; C\u00f3digo anterior de cat\u00e1logo:FD 88-06; Sociedades de Canto e Bandas; <\/p>\n","protected":false},"excerpt":{"rendered":"<p>Sociedade Atiradores de Lomba Grande. Banda de m\u00fasica da col\u00f4nia. Integrantes da Banda Konrath, de Lomba grande (da esquerda para<\/p>\n","protected":false},"featured_media":60132,"comment_status":"open","ping_status":"closed","template":"","meta":{"_acf_changed":false},"product_cat":[123],"product_tag":[],"class_list":["post-60133","product","type-product","status-publish","has-post-thumbnail","hentry","product_cat-sociedades-de-canto-e-bandas"],"acf":[],"_links":{"self":[{"href":"https:\/\/www.museuhistoricosl.com.br\/loja\/wp-json\/wp\/v2\/product\/60133","targetHints":{"allow":["GET"]}}],"collection":[{"href":"https:\/\/www.museuhistoricosl.com.br\/loja\/wp-json\/wp\/v2\/product"}],"about":[{"href":"https:\/\/www.museuhistoricosl.com.br\/loja\/wp-json\/wp\/v2\/types\/product"}],"replies":[{"embeddable":true,"href":"https:\/\/www.museuhistoricosl.com.br\/loja\/wp-json\/wp\/v2\/comments?post=60133"}],"wp:featuredmedia":[{"embeddable":true,"href":"https:\/\/www.museuhistoricosl.com.br\/loja\/wp-json\/wp\/v2\/media\/60132"}],"wp:attachment":[{"href":"https:\/\/www.museuhistoricosl.com.br\/loja\/wp-json\/wp\/v2\/media?parent=60133"}],"wp:term":[{"taxonomy":"product_cat","embeddable":true,"href":"https:\/\/www.museuhistoricosl.com.br\/loja\/wp-json\/wp\/v2\/product_cat?post=60133"},{"taxonomy":"product_tag","embeddable":true,"href":"https:\/\/www.museuhistoricosl.com.br\/loja\/wp-json\/wp\/v2\/product_tag?post=60133"}],"curies":[{"name":"wp","href":"https:\/\/api.w.org\/{rel}","templated":true}]}}