{"id":34365,"date":"2022-01-12T09:41:08","date_gmt":"2022-01-12T12:41:08","guid":{"rendered":"https:\/\/www.museuhistoricosl.com.br\/loja\/produto\/xmepg-fd-0022\/"},"modified":"2022-01-12T09:41:08","modified_gmt":"2022-01-12T12:41:08","slug":"xmepg-fd-0022","status":"publish","type":"product","link":"https:\/\/www.museuhistoricosl.com.br\/loja\/produto\/xmepg-fd-0022\/","title":{"rendered":"XMEPG-FD-0022"},"content":{"rendered":"<p>C\u00e2mara Municipal de Vereadores, S\u00e3o Leopoldo 1947, da esq. Dir., sentados: Theobaldo Schuler &#8211; Esteio, Emilio M. M\u00fcller, S\u00e3o Leopoldo, Dr. Victor Otto Schmidt, S\u00e3o Leopoldo, Maria Emilia de Paula, S\u00e3o Leopoldo, Laurillo Fleck, Adolfo Lindenmeyer, Sapiranga, de p\u00e9: Arthur Fritsch, Bom Jardim (Ivoti), Edwino Holler, Dois Irm\u00e3os, H. Rudy Brusius, Sapiranga, Edwino H. Schmidt, Pinhal Alto, Alfredo Spitzer, Campo Bom, Carlos T. Bier, S\u00e3o Leopoldo, Oscar Balduino Petry, Sapiranga, Brasil Camoretto Gall, S\u00e3o Leopoldo, Alfredo Sperb, Sapiranga; Fundo Maria Em\u00edlia de Paula Gusm\u00e3o; <\/p>\n","protected":false},"excerpt":{"rendered":"<p>C\u00e2mara Municipal de Vereadores, S\u00e3o Leopoldo 1947, da esq. Dir., sentados: Theobaldo Schuler &#8211; Esteio, Emilio M. M\u00fcller, S\u00e3o Leopoldo,<\/p>\n","protected":false},"featured_media":34364,"comment_status":"open","ping_status":"closed","template":"","meta":{"_acf_changed":false},"product_cat":[82],"product_tag":[],"class_list":["post-34365","product","type-product","status-publish","has-post-thumbnail","hentry","product_cat-fundo-maria-emilia-de-paula-gusmao"],"acf":[],"_links":{"self":[{"href":"https:\/\/www.museuhistoricosl.com.br\/loja\/wp-json\/wp\/v2\/product\/34365","targetHints":{"allow":["GET"]}}],"collection":[{"href":"https:\/\/www.museuhistoricosl.com.br\/loja\/wp-json\/wp\/v2\/product"}],"about":[{"href":"https:\/\/www.museuhistoricosl.com.br\/loja\/wp-json\/wp\/v2\/types\/product"}],"replies":[{"embeddable":true,"href":"https:\/\/www.museuhistoricosl.com.br\/loja\/wp-json\/wp\/v2\/comments?post=34365"}],"wp:featuredmedia":[{"embeddable":true,"href":"https:\/\/www.museuhistoricosl.com.br\/loja\/wp-json\/wp\/v2\/media\/34364"}],"wp:attachment":[{"href":"https:\/\/www.museuhistoricosl.com.br\/loja\/wp-json\/wp\/v2\/media?parent=34365"}],"wp:term":[{"taxonomy":"product_cat","embeddable":true,"href":"https:\/\/www.museuhistoricosl.com.br\/loja\/wp-json\/wp\/v2\/product_cat?post=34365"},{"taxonomy":"product_tag","embeddable":true,"href":"https:\/\/www.museuhistoricosl.com.br\/loja\/wp-json\/wp\/v2\/product_tag?post=34365"}],"curies":[{"name":"wp","href":"https:\/\/api.w.org\/{rel}","templated":true}]}}