{"id":19516,"date":"2022-01-04T09:23:17","date_gmt":"2022-01-04T12:23:17","guid":{"rendered":"https:\/\/www.museuhistoricosl.com.br\/loja\/produto\/sl034-fd-0004\/"},"modified":"2022-01-04T09:23:17","modified_gmt":"2022-01-04T12:23:17","slug":"sl034-fd-0004","status":"publish","type":"product","link":"https:\/\/www.museuhistoricosl.com.br\/loja\/produto\/sl034-fd-0004\/","title":{"rendered":"SL034-FD-0004"},"content":{"rendered":"<p>Escola Estadual Visconde de S\u00e3o Leopoldo &#8211; Corpo Docente do Col\u00e9gio Elementar de S\u00e3o Leopoldo, 08\/1936. Em p\u00e9: Maria do Carmo Ferreira da Silva, Aura Gassen, Yolanda stabel, Lydia Jaeger, Maria Vianna moog, Em\u00edlia Silveira (Loia), Elma Schimitt, Carmem C\u00e2mara, L\u00facia Sperb, Alice Becker, Esther Stabel, Branca Bord, Ifig\u00eania Borges, Herm\u00ednia Bittencourt, Alba Magalh\u00e3es, Ida Galperin Costa. Sentados: Jos\u00e9 Chless de Lemos, Jesus Amorim (Nena), Natalina Mesquita, Serena Presser Boeckel, Elsa Dauber Sterimer, Am\u00e9lia Michel Crusius, Jenny Wagner. &#8211; C\u00f3digo anterior de cat\u00e1logo:FD 34,4; Escola Estadual Visconde de S\u00e3o Leopoldo; <\/p>\n","protected":false},"excerpt":{"rendered":"<p>Escola Estadual Visconde de S\u00e3o Leopoldo &#8211; Corpo Docente do Col\u00e9gio Elementar de S\u00e3o Leopoldo, 08\/1936. Em p\u00e9: Maria do<\/p>\n","protected":false},"featured_media":19515,"comment_status":"open","ping_status":"closed","template":"","meta":{"_acf_changed":false},"product_cat":[58],"product_tag":[],"class_list":["post-19516","product","type-product","status-publish","has-post-thumbnail","hentry","product_cat-escola-estadual-visconde-de-sao-leopoldo"],"acf":[],"_links":{"self":[{"href":"https:\/\/www.museuhistoricosl.com.br\/loja\/wp-json\/wp\/v2\/product\/19516","targetHints":{"allow":["GET"]}}],"collection":[{"href":"https:\/\/www.museuhistoricosl.com.br\/loja\/wp-json\/wp\/v2\/product"}],"about":[{"href":"https:\/\/www.museuhistoricosl.com.br\/loja\/wp-json\/wp\/v2\/types\/product"}],"replies":[{"embeddable":true,"href":"https:\/\/www.museuhistoricosl.com.br\/loja\/wp-json\/wp\/v2\/comments?post=19516"}],"wp:featuredmedia":[{"embeddable":true,"href":"https:\/\/www.museuhistoricosl.com.br\/loja\/wp-json\/wp\/v2\/media\/19515"}],"wp:attachment":[{"href":"https:\/\/www.museuhistoricosl.com.br\/loja\/wp-json\/wp\/v2\/media?parent=19516"}],"wp:term":[{"taxonomy":"product_cat","embeddable":true,"href":"https:\/\/www.museuhistoricosl.com.br\/loja\/wp-json\/wp\/v2\/product_cat?post=19516"},{"taxonomy":"product_tag","embeddable":true,"href":"https:\/\/www.museuhistoricosl.com.br\/loja\/wp-json\/wp\/v2\/product_tag?post=19516"}],"curies":[{"name":"wp","href":"https:\/\/api.w.org\/{rel}","templated":true}]}}